{"id":357,"date":"2021-07-28T12:42:28","date_gmt":"2021-07-28T11:42:28","guid":{"rendered":"http:\/\/www.grupoelteide.com\/supermercado\/?page_id=357"},"modified":"2025-03-14T11:03:35","modified_gmt":"2025-03-14T10:03:35","slug":"corte-y-envasado","status":"publish","type":"page","link":"https:\/\/www.grupoelteide.com\/supermercado\/corte-y-envasado\/","title":{"rendered":"Corte y envasado"},"content":{"rendered":"\t\t<div data-elementor-type=\"wp-page\" data-elementor-id=\"357\" class=\"elementor elementor-357\">\n\t\t\t\t\t\t<section class=\"elementor-section elementor-top-section elementor-element elementor-element-e480656 elementor-section-full_width elementor-section-stretched elementor-section-height-default elementor-section-height-default\" data-id=\"e480656\" data-element_type=\"section\" data-settings=\"{&quot;stretch_section&quot;:&quot;section-stretched&quot;}\">\n\t\t\t\t\t\t<div class=\"elementor-container elementor-column-gap-no\">\n\t\t\t\t\t<div class=\"elementor-column elementor-col-100 elementor-top-column elementor-element elementor-element-3e9f210\" data-id=\"3e9f210\" data-element_type=\"column\">\n\t\t\t<div class=\"elementor-widget-wrap elementor-element-populated\">\n\t\t\t\t\t\t<div class=\"elementor-element elementor-element-e59ed14 elementor-widget elementor-widget-image\" data-id=\"e59ed14\" data-element_type=\"widget\" data-widget_type=\"image.default\">\n\t\t\t\t<div class=\"elementor-widget-container\">\n\t\t\t\t\t\t\t\t\t\t\t\t\t<img fetchpriority=\"high\" decoding=\"async\" width=\"2000\" height=\"800\" src=\"https:\/\/www.grupoelteide.com\/supermercado\/wp-content\/uploads\/corte_y_envasado_01.jpg\" class=\"attachment-full size-full wp-image-359\" alt=\"\" srcset=\"https:\/\/www.grupoelteide.com\/supermercado\/wp-content\/uploads\/corte_y_envasado_01.jpg 2000w, https:\/\/www.grupoelteide.com\/supermercado\/wp-content\/uploads\/corte_y_envasado_01-300x120.jpg 300w, https:\/\/www.grupoelteide.com\/supermercado\/wp-content\/uploads\/corte_y_envasado_01-1024x410.jpg 1024w, https:\/\/www.grupoelteide.com\/supermercado\/wp-content\/uploads\/corte_y_envasado_01-768x307.jpg 768w, https:\/\/www.grupoelteide.com\/supermercado\/wp-content\/uploads\/corte_y_envasado_01-1536x614.jpg 1536w\" sizes=\"(max-width: 2000px) 100vw, 2000px\" \/>\t\t\t\t\t\t\t\t\t\t\t\t\t<\/div>\n\t\t\t\t<\/div>\n\t\t\t\t\t<\/div>\n\t\t<\/div>\n\t\t\t\t\t<\/div>\n\t\t<\/section>\n\t\t\t\t<section class=\"elementor-section elementor-top-section elementor-element elementor-element-30dad9d elementor-section-boxed elementor-section-height-default elementor-section-height-default\" data-id=\"30dad9d\" data-element_type=\"section\">\n\t\t\t\t\t\t<div class=\"elementor-container elementor-column-gap-default\">\n\t\t\t\t\t<div class=\"elementor-column elementor-col-100 elementor-top-column elementor-element elementor-element-9a61285\" data-id=\"9a61285\" data-element_type=\"column\">\n\t\t\t<div class=\"elementor-widget-wrap elementor-element-populated\">\n\t\t\t\t\t\t<div class=\"elementor-element elementor-element-7c9c73a elementor-widget elementor-widget-spacer\" data-id=\"7c9c73a\" data-element_type=\"widget\" data-widget_type=\"spacer.default\">\n\t\t\t\t<div class=\"elementor-widget-container\">\n\t\t\t\t\t<div class=\"elementor-spacer\">\n\t\t\t<div class=\"elementor-spacer-inner\"><\/div>\n\t\t<\/div>\n\t\t\t\t<\/div>\n\t\t\t\t<\/div>\n\t\t\t\t\t<\/div>\n\t\t<\/div>\n\t\t\t\t\t<\/div>\n\t\t<\/section>\n\t\t\t\t<section class=\"elementor-section elementor-top-section elementor-element elementor-element-67a54c4 elementor-section-boxed elementor-section-height-default elementor-section-height-default\" data-id=\"67a54c4\" data-element_type=\"section\">\n\t\t\t\t\t\t<div class=\"elementor-container elementor-column-gap-default\">\n\t\t\t\t\t<div class=\"elementor-column elementor-col-100 elementor-top-column elementor-element elementor-element-46f9083\" data-id=\"46f9083\" data-element_type=\"column\">\n\t\t\t<div class=\"elementor-widget-wrap elementor-element-populated\">\n\t\t\t\t\t\t<div class=\"elementor-element elementor-element-a536310 elementor-widget elementor-widget-heading\" data-id=\"a536310\" data-element_type=\"widget\" data-widget_type=\"heading.default\">\n\t\t\t\t<div class=\"elementor-widget-container\">\n\t\t\t<h2 class=\"elementor-heading-title elementor-size-default\">Os ofrecemos el servicio de corte y envasado al vac\u00edo GRATUITO para todos los productos adquiridos en nuestro establecimiento. <\/h2>\t\t<\/div>\n\t\t\t\t<\/div>\n\t\t\t\t<section class=\"elementor-section elementor-inner-section elementor-element elementor-element-ee1c599 elementor-section-boxed elementor-section-height-default elementor-section-height-default\" data-id=\"ee1c599\" data-element_type=\"section\">\n\t\t\t\t\t\t<div class=\"elementor-container elementor-column-gap-default\">\n\t\t\t\t\t<div class=\"elementor-column elementor-col-100 elementor-inner-column elementor-element elementor-element-b459760\" data-id=\"b459760\" data-element_type=\"column\">\n\t\t\t<div class=\"elementor-widget-wrap elementor-element-populated\">\n\t\t\t\t\t\t<div class=\"elementor-element elementor-element-4c6698d elementor-widget elementor-widget-text-editor\" data-id=\"4c6698d\" data-element_type=\"widget\" data-widget_type=\"text-editor.default\">\n\t\t\t\t<div class=\"elementor-widget-container\">\n\t\t\t\t\t\t\t<p style=\"text-align: center;\"><span style=\"font-weight: 400;\">Corte y envasado al vac\u00edo de jam\u00f3n ib\u00e9rico, paletas ib\u00e9ricas o jam\u00f3n bodega y paleta serrana.<br \/><\/span><span style=\"font-weight: 400;\">Tenemos 2 formatos de corte, a cuchillo y a maquina.<\/span><\/p>\t\t\t\t\t\t<\/div>\n\t\t\t\t<\/div>\n\t\t\t\t\t<\/div>\n\t\t<\/div>\n\t\t\t\t\t<\/div>\n\t\t<\/section>\n\t\t\t\t\t<\/div>\n\t\t<\/div>\n\t\t\t\t\t<\/div>\n\t\t<\/section>\n\t\t\t\t<section class=\"elementor-section elementor-top-section elementor-element elementor-element-e8e848d elementor-section-boxed elementor-section-height-default elementor-section-height-default\" data-id=\"e8e848d\" data-element_type=\"section\">\n\t\t\t\t\t\t<div class=\"elementor-container elementor-column-gap-default\">\n\t\t\t\t\t<div class=\"elementor-column elementor-col-100 elementor-top-column elementor-element elementor-element-ae75370\" data-id=\"ae75370\" data-element_type=\"column\">\n\t\t\t<div class=\"elementor-widget-wrap elementor-element-populated\">\n\t\t\t\t\t\t<section class=\"elementor-section elementor-inner-section elementor-element elementor-element-7a2ae47 elementor-section-boxed elementor-section-height-default elementor-section-height-default\" data-id=\"7a2ae47\" data-element_type=\"section\">\n\t\t\t\t\t\t<div class=\"elementor-container elementor-column-gap-default\">\n\t\t\t\t\t<div class=\"elementor-column elementor-col-50 elementor-inner-column elementor-element elementor-element-711cfd4\" data-id=\"711cfd4\" data-element_type=\"column\">\n\t\t\t<div class=\"elementor-widget-wrap elementor-element-populated\">\n\t\t\t\t\t\t<div class=\"elementor-element elementor-element-fa8c2ab elementor-widget elementor-widget-image\" data-id=\"fa8c2ab\" data-element_type=\"widget\" data-widget_type=\"image.default\">\n\t\t\t\t<div class=\"elementor-widget-container\">\n\t\t\t\t\t\t\t\t\t\t\t\t\t<img decoding=\"async\" width=\"1000\" height=\"1000\" src=\"https:\/\/www.grupoelteide.com\/supermercado\/wp-content\/uploads\/corte_jamon_01.jpg\" class=\"attachment-large size-large wp-image-596\" alt=\"\" srcset=\"https:\/\/www.grupoelteide.com\/supermercado\/wp-content\/uploads\/corte_jamon_01.jpg 1000w, https:\/\/www.grupoelteide.com\/supermercado\/wp-content\/uploads\/corte_jamon_01-300x300.jpg 300w, https:\/\/www.grupoelteide.com\/supermercado\/wp-content\/uploads\/corte_jamon_01-150x150.jpg 150w, https:\/\/www.grupoelteide.com\/supermercado\/wp-content\/uploads\/corte_jamon_01-768x768.jpg 768w\" sizes=\"(max-width: 1000px) 100vw, 1000px\" \/>\t\t\t\t\t\t\t\t\t\t\t\t\t<\/div>\n\t\t\t\t<\/div>\n\t\t\t\t\t<\/div>\n\t\t<\/div>\n\t\t\t\t<div class=\"elementor-column elementor-col-50 elementor-inner-column elementor-element elementor-element-07f1120\" data-id=\"07f1120\" data-element_type=\"column\">\n\t\t\t<div class=\"elementor-widget-wrap elementor-element-populated\">\n\t\t\t\t\t\t<div class=\"elementor-element elementor-element-0466eb2 elementor-widget elementor-widget-heading\" data-id=\"0466eb2\" data-element_type=\"widget\" data-widget_type=\"heading.default\">\n\t\t\t\t<div class=\"elementor-widget-container\">\n\t\t\t<h2 class=\"elementor-heading-title elementor-size-default\">Corte a cuchillo<\/h2>\t\t<\/div>\n\t\t\t\t<\/div>\n\t\t\t\t<div class=\"elementor-element elementor-element-71b452f elementor-widget elementor-widget-text-editor\" data-id=\"71b452f\" data-element_type=\"widget\" data-widget_type=\"text-editor.default\">\n\t\t\t\t<div class=\"elementor-widget-container\">\n\t\t\t\t\t\t\t<p><span style=\"font-weight: 400;\">Para los que quieren disfrutar de absolutamente todos los matices y sabores del jam\u00f3n, \u00e9ste tiene que estar cortado a mano de manera artesanal.<\/span><\/p><p><span style=\"font-weight: 400;\">Te garantizamos que vas a disfrutar de tu jam\u00f3n desde el principio hasta el final, sin miedo a empacharse por temor a que se te reseque.<\/span><\/p><p><span style=\"font-weight: 400;\">Si el jam\u00f3n o la paleta proviene de una compra realizada en nuestra tienda el servicio de corte y envasado es <span style=\"color: #ff0000;\">GRATUITO<\/span>.<\/span><\/p><p><span style=\"font-weight: 400;\">Si la paleta o jam\u00f3n NO procede de nuestra tienda, te la servimos en paquetitos envasados a un coste.<\/span><\/p>\t\t\t\t\t\t<\/div>\n\t\t\t\t<\/div>\n\t\t\t\t\t<\/div>\n\t\t<\/div>\n\t\t\t\t\t<\/div>\n\t\t<\/section>\n\t\t\t\t\t<\/div>\n\t\t<\/div>\n\t\t\t\t\t<\/div>\n\t\t<\/section>\n\t\t\t\t<section class=\"elementor-section elementor-top-section elementor-element elementor-element-41a9a5b elementor-section-boxed elementor-section-height-default elementor-section-height-default\" data-id=\"41a9a5b\" data-element_type=\"section\">\n\t\t\t\t\t\t<div class=\"elementor-container elementor-column-gap-default\">\n\t\t\t\t\t<div class=\"elementor-column elementor-col-100 elementor-top-column elementor-element elementor-element-ca4917f\" data-id=\"ca4917f\" data-element_type=\"column\">\n\t\t\t<div class=\"elementor-widget-wrap elementor-element-populated\">\n\t\t\t\t\t\t<div class=\"elementor-element elementor-element-220fb15 elementor-widget-divider--view-line_text elementor-widget-divider--element-align-center elementor-widget elementor-widget-divider\" data-id=\"220fb15\" data-element_type=\"widget\" data-widget_type=\"divider.default\">\n\t\t\t\t<div class=\"elementor-widget-container\">\n\t\t\t\t\t<div class=\"elementor-divider\">\n\t\t\t<span class=\"elementor-divider-separator\">\n\t\t\t\t\t\t\t<span class=\"elementor-divider__text elementor-divider__element\">\n\t\t\t\tSupermercado \"El Teide\"\t\t\t\t<\/span>\n\t\t\t\t\t\t<\/span>\n\t\t<\/div>\n\t\t\t\t<\/div>\n\t\t\t\t<\/div>\n\t\t\t\t\t<\/div>\n\t\t<\/div>\n\t\t\t\t\t<\/div>\n\t\t<\/section>\n\t\t\t\t<section class=\"elementor-section elementor-top-section elementor-element elementor-element-1bfc091 elementor-section-boxed elementor-section-height-default elementor-section-height-default\" data-id=\"1bfc091\" data-element_type=\"section\">\n\t\t\t\t\t\t<div class=\"elementor-container elementor-column-gap-default\">\n\t\t\t\t\t<div class=\"elementor-column elementor-col-100 elementor-top-column elementor-element elementor-element-adee7e9\" data-id=\"adee7e9\" data-element_type=\"column\">\n\t\t\t<div class=\"elementor-widget-wrap elementor-element-populated\">\n\t\t\t\t\t\t<section class=\"elementor-section elementor-inner-section elementor-element elementor-element-0fd74ae elementor-section-boxed elementor-section-height-default elementor-section-height-default\" data-id=\"0fd74ae\" data-element_type=\"section\">\n\t\t\t\t\t\t<div class=\"elementor-container elementor-column-gap-default\">\n\t\t\t\t\t<div class=\"elementor-column elementor-col-50 elementor-inner-column elementor-element elementor-element-a96f4e8\" data-id=\"a96f4e8\" data-element_type=\"column\">\n\t\t\t<div class=\"elementor-widget-wrap elementor-element-populated\">\n\t\t\t\t\t\t<div class=\"elementor-element elementor-element-ae1f4c1 elementor-widget elementor-widget-heading\" data-id=\"ae1f4c1\" data-element_type=\"widget\" data-widget_type=\"heading.default\">\n\t\t\t\t<div class=\"elementor-widget-container\">\n\t\t\t<h2 class=\"elementor-heading-title elementor-size-default\">Corte a m\u00e1quina<\/h2>\t\t<\/div>\n\t\t\t\t<\/div>\n\t\t\t\t<div class=\"elementor-element elementor-element-b2a1316 elementor-widget elementor-widget-text-editor\" data-id=\"b2a1316\" data-element_type=\"widget\" data-widget_type=\"text-editor.default\">\n\t\t\t\t<div class=\"elementor-widget-container\">\n\t\t\t\t\t\t\t<p><span style=\"font-weight: 400;\">El corte a m\u00e1quina es una posibilidad m\u00e1s econ\u00f3mica. La diferencia de precio se debe a que el profesional tarda menos tiempo en cortar la pieza.<\/span><\/p><p><span style=\"font-weight: 400;\">Tienes que tener en cuenta que si quieres disfrutar al 100% de todos los matices de un buen jam\u00f3n o paleta, \u00e9ste tiene que estar cortado a mano de manera artesanal.<\/span><\/p><p><span style=\"font-weight: 400;\">El corte a m\u00e1quina te puede interesar si el jam\u00f3n o paleta es de calidad media o baja, y tu objetivo es consumir la pieza en un periodo de tiempo medio o largo (3 o 4 meses).<\/span><\/p><p><span style=\"font-weight: 400;\">Si el jam\u00f3n o la paleta proviene de una compra realizada en nuestra tienda el servicio de corte y envasado es <span style=\"color: #ff0000;\">GRATUITO<\/span>.<\/span><\/p><p><span style=\"font-weight: 400;\">Si la paleta o jam\u00f3n NO procede de nuestra tienda, te la servimos en paquetitos envasados a un coste.<\/span><\/p>\t\t\t\t\t\t<\/div>\n\t\t\t\t<\/div>\n\t\t\t\t\t<\/div>\n\t\t<\/div>\n\t\t\t\t<div class=\"elementor-column elementor-col-50 elementor-inner-column elementor-element elementor-element-151c7c1\" data-id=\"151c7c1\" data-element_type=\"column\">\n\t\t\t<div class=\"elementor-widget-wrap elementor-element-populated\">\n\t\t\t\t\t\t<div class=\"elementor-element elementor-element-71ec7f3 elementor-widget elementor-widget-image\" data-id=\"71ec7f3\" data-element_type=\"widget\" data-widget_type=\"image.default\">\n\t\t\t\t<div class=\"elementor-widget-container\">\n\t\t\t\t\t\t\t\t\t\t\t\t\t<img decoding=\"async\" width=\"1024\" height=\"1024\" src=\"https:\/\/www.grupoelteide.com\/supermercado\/wp-content\/uploads\/IMG_1032.webp\" class=\"attachment-large size-large wp-image-905\" alt=\"\" srcset=\"https:\/\/www.grupoelteide.com\/supermercado\/wp-content\/uploads\/IMG_1032.webp 1024w, https:\/\/www.grupoelteide.com\/supermercado\/wp-content\/uploads\/IMG_1032-300x300.webp 300w, https:\/\/www.grupoelteide.com\/supermercado\/wp-content\/uploads\/IMG_1032-150x150.webp 150w, https:\/\/www.grupoelteide.com\/supermercado\/wp-content\/uploads\/IMG_1032-768x768.webp 768w\" sizes=\"(max-width: 1024px) 100vw, 1024px\" \/>\t\t\t\t\t\t\t\t\t\t\t\t\t<\/div>\n\t\t\t\t<\/div>\n\t\t\t\t\t<\/div>\n\t\t<\/div>\n\t\t\t\t\t<\/div>\n\t\t<\/section>\n\t\t\t\t\t<\/div>\n\t\t<\/div>\n\t\t\t\t\t<\/div>\n\t\t<\/section>\n\t\t\t\t<section class=\"elementor-section elementor-top-section elementor-element elementor-element-b26ef24 elementor-section-boxed elementor-section-height-default elementor-section-height-default\" data-id=\"b26ef24\" data-element_type=\"section\">\n\t\t\t\t\t\t<div class=\"elementor-container elementor-column-gap-default\">\n\t\t\t\t\t<div class=\"elementor-column elementor-col-100 elementor-top-column elementor-element elementor-element-8942b79\" data-id=\"8942b79\" data-element_type=\"column\">\n\t\t\t<div class=\"elementor-widget-wrap elementor-element-populated\">\n\t\t\t\t\t\t<div class=\"elementor-element elementor-element-c3de7ff elementor-widget-divider--view-line_text elementor-widget-divider--element-align-center elementor-widget elementor-widget-divider\" data-id=\"c3de7ff\" data-element_type=\"widget\" data-widget_type=\"divider.default\">\n\t\t\t\t<div class=\"elementor-widget-container\">\n\t\t\t\t\t<div class=\"elementor-divider\">\n\t\t\t<span class=\"elementor-divider-separator\">\n\t\t\t\t\t\t\t<span class=\"elementor-divider__text elementor-divider__element\">\n\t\t\t\tSupermercado \"El Teide\"\t\t\t\t<\/span>\n\t\t\t\t\t\t<\/span>\n\t\t<\/div>\n\t\t\t\t<\/div>\n\t\t\t\t<\/div>\n\t\t\t\t\t<\/div>\n\t\t<\/div>\n\t\t\t\t\t<\/div>\n\t\t<\/section>\n\t\t\t\t<section class=\"elementor-section elementor-top-section elementor-element elementor-element-c8ef108 elementor-section-boxed elementor-section-height-default elementor-section-height-default\" data-id=\"c8ef108\" data-element_type=\"section\">\n\t\t\t\t\t\t<div class=\"elementor-container elementor-column-gap-default\">\n\t\t\t\t\t<div class=\"elementor-column elementor-col-100 elementor-top-column elementor-element elementor-element-231ed6c\" data-id=\"231ed6c\" data-element_type=\"column\">\n\t\t\t<div class=\"elementor-widget-wrap elementor-element-populated\">\n\t\t\t\t\t\t<section class=\"elementor-section elementor-inner-section elementor-element elementor-element-c4a2ccd elementor-section-boxed elementor-section-height-default elementor-section-height-default\" data-id=\"c4a2ccd\" data-element_type=\"section\">\n\t\t\t\t\t\t<div class=\"elementor-container elementor-column-gap-default\">\n\t\t\t\t\t<div class=\"elementor-column elementor-col-100 elementor-inner-column elementor-element elementor-element-d7483c7\" data-id=\"d7483c7\" data-element_type=\"column\">\n\t\t\t<div class=\"elementor-widget-wrap elementor-element-populated\">\n\t\t\t\t\t\t<div class=\"elementor-element elementor-element-859dd98 elementor-widget elementor-widget-text-editor\" data-id=\"859dd98\" data-element_type=\"widget\" data-widget_type=\"text-editor.default\">\n\t\t\t\t<div class=\"elementor-widget-container\">\n\t\t\t\t\t\t\t<p>Para otro tipo de embutidos (Lomo, chorizo cular, salchich\u00f3n cular, morc\u00f3n, quesos o cualquier producto de nuestra charcuter\u00eda), ofrecemos el servicio de <span style=\"color: #ff0000;\">ENVASADO AL VACIO GRATIS<\/span>, pero si el producto es de fuera de nuestra tienda, puedes consultar los precios mediante nuestro correo electr\u00f3nico (<a href=\"mailto:sup.elteide@gmail.com\">sup.elteide@gmail.com<\/a>) o llam\u00e1ndonos al tel\u00e9fono 91 850 01 33<\/p>\t\t\t\t\t\t<\/div>\n\t\t\t\t<\/div>\n\t\t\t\t\t<\/div>\n\t\t<\/div>\n\t\t\t\t\t<\/div>\n\t\t<\/section>\n\t\t\t\t<div class=\"elementor-element elementor-element-6122c11 elementor-widget elementor-widget-heading\" data-id=\"6122c11\" data-element_type=\"widget\" data-widget_type=\"heading.default\">\n\t\t\t\t<div class=\"elementor-widget-container\">\n\t\t\t<h2 class=\"elementor-heading-title elementor-size-default\">Precios de corte de jamones y paletas<\/h2>\t\t<\/div>\n\t\t\t\t<\/div>\n\t\t\t\t<section class=\"elementor-section elementor-inner-section elementor-element elementor-element-b090278 elementor-section-boxed elementor-section-height-default elementor-section-height-default\" data-id=\"b090278\" data-element_type=\"section\">\n\t\t\t\t\t\t<div class=\"elementor-container elementor-column-gap-default\">\n\t\t\t\t\t<div class=\"elementor-column elementor-col-50 elementor-inner-column elementor-element elementor-element-fb925b4\" data-id=\"fb925b4\" data-element_type=\"column\">\n\t\t\t<div class=\"elementor-widget-wrap elementor-element-populated\">\n\t\t\t\t\t\t<div class=\"elementor-element elementor-element-0ec21b2 elementor-widget elementor-widget-heading\" data-id=\"0ec21b2\" data-element_type=\"widget\" data-widget_type=\"heading.default\">\n\t\t\t\t<div class=\"elementor-widget-container\">\n\t\t\t<h1 class=\"elementor-heading-title elementor-size-default\">A mano = 75\u20ac<\/h1>\t\t<\/div>\n\t\t\t\t<\/div>\n\t\t\t\t\t<\/div>\n\t\t<\/div>\n\t\t\t\t<div class=\"elementor-column elementor-col-50 elementor-inner-column elementor-element elementor-element-56b2a88\" data-id=\"56b2a88\" data-element_type=\"column\">\n\t\t\t<div class=\"elementor-widget-wrap elementor-element-populated\">\n\t\t\t\t\t\t<div class=\"elementor-element elementor-element-8fb7c72 elementor-widget elementor-widget-heading\" data-id=\"8fb7c72\" data-element_type=\"widget\" data-widget_type=\"heading.default\">\n\t\t\t\t<div class=\"elementor-widget-container\">\n\t\t\t<h1 class=\"elementor-heading-title elementor-size-default\">A m\u00e1quina = 40\u20ac<\/h1>\t\t<\/div>\n\t\t\t\t<\/div>\n\t\t\t\t\t<\/div>\n\t\t<\/div>\n\t\t\t\t\t<\/div>\n\t\t<\/section>\n\t\t\t\t\t<\/div>\n\t\t<\/div>\n\t\t\t\t\t<\/div>\n\t\t<\/section>\n\t\t\t\t<section class=\"elementor-section elementor-top-section elementor-element elementor-element-ec6eb57 elementor-section-boxed elementor-section-height-default elementor-section-height-default\" data-id=\"ec6eb57\" data-element_type=\"section\">\n\t\t\t\t\t\t<div class=\"elementor-container elementor-column-gap-default\">\n\t\t\t\t\t<div class=\"elementor-column elementor-col-100 elementor-top-column elementor-element elementor-element-28acdf6\" data-id=\"28acdf6\" data-element_type=\"column\">\n\t\t\t<div class=\"elementor-widget-wrap elementor-element-populated\">\n\t\t\t\t\t\t<section class=\"elementor-section elementor-inner-section elementor-element elementor-element-3e47d7f elementor-section-boxed elementor-section-height-default elementor-section-height-default\" data-id=\"3e47d7f\" data-element_type=\"section\">\n\t\t\t\t\t\t<div class=\"elementor-container elementor-column-gap-default\">\n\t\t\t\t\t<div class=\"elementor-column elementor-col-100 elementor-inner-column elementor-element elementor-element-71e1dac\" data-id=\"71e1dac\" data-element_type=\"column\">\n\t\t\t<div class=\"elementor-widget-wrap elementor-element-populated\">\n\t\t\t\t\t\t<div class=\"elementor-element elementor-element-aa844a1 elementor-widget elementor-widget-text-editor\" data-id=\"aa844a1\" data-element_type=\"widget\" data-widget_type=\"text-editor.default\">\n\t\t\t\t<div class=\"elementor-widget-container\">\n\t\t\t\t\t\t\t<p style=\"text-align: center;\"><span style=\"font-weight: 400; color: #000000;\"><span style=\"color: #ff0000;\"><strong>NOTA:<\/strong><\/span> Para jamones NO procedentes de nuestra charcuter\u00eda hay un suplemento de 10\u20ac para jamones de 8,5kg a 9,5kg, y de 20\u20ac para jamones de m\u00e1s de 9,5kg, tanto en el corte a mano como a m\u00e1quina.<\/span><\/p>\t\t\t\t\t\t<\/div>\n\t\t\t\t<\/div>\n\t\t\t\t\t<\/div>\n\t\t<\/div>\n\t\t\t\t\t<\/div>\n\t\t<\/section>\n\t\t\t\t\t<\/div>\n\t\t<\/div>\n\t\t\t\t\t<\/div>\n\t\t<\/section>\n\t\t\t\t<\/div>\n\t\t","protected":false},"excerpt":{"rendered":"<p>Os ofrecemos el servicio de corte y envasado al vac\u00edo GRATUITO para todos los productos adquiridos en nuestro establecimiento. Corte y envasado al vac\u00edo de jam\u00f3n ib\u00e9rico, paletas ib\u00e9ricas o jam\u00f3n bodega y paleta serrana.Tenemos 2 formatos de corte, a cuchillo y a maquina. Corte a cuchillo Para los que quieren disfrutar de absolutamente todos &#8230; <a title=\"Corte y envasado\" class=\"read-more\" href=\"https:\/\/www.grupoelteide.com\/supermercado\/corte-y-envasado\/\" aria-label=\"More on Corte y envasado\">Read more<\/a><\/p>\n","protected":false},"author":1,"featured_media":0,"parent":0,"menu_order":0,"comment_status":"closed","ping_status":"closed","template":"elementor_header_footer","meta":{"footnotes":""},"class_list":["post-357","page","type-page","status-publish"],"yoast_head":"<!-- This site is optimized with the Yoast SEO plugin v23.2 - https:\/\/yoast.com\/wordpress\/plugins\/seo\/ -->\n<title>Corte y envasado - &quot;El Teide&quot; Supermercado<\/title>\n<meta name=\"robots\" content=\"index, follow, max-snippet:-1, max-image-preview:large, max-video-preview:-1\" \/>\n<link rel=\"canonical\" href=\"https:\/\/www.grupoelteide.com\/supermercado\/corte-y-envasado\/\" \/>\n<meta property=\"og:locale\" content=\"es_ES\" \/>\n<meta property=\"og:type\" content=\"article\" \/>\n<meta property=\"og:title\" content=\"Corte y envasado - &quot;El Teide&quot; Supermercado\" \/>\n<meta property=\"og:description\" content=\"Os ofrecemos el servicio de corte y envasado al vac\u00edo GRATUITO para todos los productos adquiridos en nuestro establecimiento. Corte y envasado al vac\u00edo de jam\u00f3n ib\u00e9rico, paletas ib\u00e9ricas o jam\u00f3n bodega y paleta serrana.Tenemos 2 formatos de corte, a cuchillo y a maquina. Corte a cuchillo Para los que quieren disfrutar de absolutamente todos ... Read more\" \/>\n<meta property=\"og:url\" content=\"https:\/\/www.grupoelteide.com\/supermercado\/corte-y-envasado\/\" \/>\n<meta property=\"og:site_name\" content=\"&quot;El Teide&quot; Supermercado\" \/>\n<meta property=\"article:publisher\" content=\"https:\/\/www.facebook.com\/Grupo-El-Teide-1609186379358008\" \/>\n<meta property=\"article:modified_time\" content=\"2025-03-14T10:03:35+00:00\" \/>\n<meta property=\"og:image\" content=\"https:\/\/www.grupoelteide.com\/supermercado\/wp-content\/uploads\/corte_y_envasado_01.jpg\" \/>\n<meta name=\"twitter:card\" content=\"summary_large_image\" \/>\n<meta name=\"twitter:site\" content=\"@Superelteide\" \/>\n<meta name=\"twitter:label1\" content=\"Tiempo de lectura\" \/>\n\t<meta name=\"twitter:data1\" content=\"3 minutos\" \/>\n<script type=\"application\/ld+json\" class=\"yoast-schema-graph\">{\"@context\":\"https:\/\/schema.org\",\"@graph\":[{\"@type\":\"WebPage\",\"@id\":\"https:\/\/www.grupoelteide.com\/supermercado\/corte-y-envasado\/\",\"url\":\"https:\/\/www.grupoelteide.com\/supermercado\/corte-y-envasado\/\",\"name\":\"Corte y envasado - &quot;El Teide&quot; Supermercado\",\"isPartOf\":{\"@id\":\"https:\/\/www.grupoelteide.com\/supermercado\/#website\"},\"primaryImageOfPage\":{\"@id\":\"https:\/\/www.grupoelteide.com\/supermercado\/corte-y-envasado\/#primaryimage\"},\"image\":{\"@id\":\"https:\/\/www.grupoelteide.com\/supermercado\/corte-y-envasado\/#primaryimage\"},\"thumbnailUrl\":\"https:\/\/www.grupoelteide.com\/supermercado\/wp-content\/uploads\/corte_y_envasado_01.jpg\",\"datePublished\":\"2021-07-28T11:42:28+00:00\",\"dateModified\":\"2025-03-14T10:03:35+00:00\",\"breadcrumb\":{\"@id\":\"https:\/\/www.grupoelteide.com\/supermercado\/corte-y-envasado\/#breadcrumb\"},\"inLanguage\":\"es\",\"potentialAction\":[{\"@type\":\"ReadAction\",\"target\":[\"https:\/\/www.grupoelteide.com\/supermercado\/corte-y-envasado\/\"]}]},{\"@type\":\"ImageObject\",\"inLanguage\":\"es\",\"@id\":\"https:\/\/www.grupoelteide.com\/supermercado\/corte-y-envasado\/#primaryimage\",\"url\":\"https:\/\/www.grupoelteide.com\/supermercado\/wp-content\/uploads\/corte_y_envasado_01.jpg\",\"contentUrl\":\"https:\/\/www.grupoelteide.com\/supermercado\/wp-content\/uploads\/corte_y_envasado_01.jpg\",\"width\":2000,\"height\":800},{\"@type\":\"BreadcrumbList\",\"@id\":\"https:\/\/www.grupoelteide.com\/supermercado\/corte-y-envasado\/#breadcrumb\",\"itemListElement\":[{\"@type\":\"ListItem\",\"position\":1,\"name\":\"Portada\",\"item\":\"https:\/\/www.grupoelteide.com\/supermercado\/\"},{\"@type\":\"ListItem\",\"position\":2,\"name\":\"Corte y envasado\"}]},{\"@type\":\"WebSite\",\"@id\":\"https:\/\/www.grupoelteide.com\/supermercado\/#website\",\"url\":\"https:\/\/www.grupoelteide.com\/supermercado\/\",\"name\":\"&quot;El Teide&quot; Supermercado\",\"description\":\"www.grupoelteide.com\",\"publisher\":{\"@id\":\"https:\/\/www.grupoelteide.com\/supermercado\/#organization\"},\"potentialAction\":[{\"@type\":\"SearchAction\",\"target\":{\"@type\":\"EntryPoint\",\"urlTemplate\":\"https:\/\/www.grupoelteide.com\/supermercado\/?s={search_term_string}\"},\"query-input\":\"required name=search_term_string\"}],\"inLanguage\":\"es\"},{\"@type\":\"Organization\",\"@id\":\"https:\/\/www.grupoelteide.com\/supermercado\/#organization\",\"name\":\"Grupo El Teide\",\"url\":\"https:\/\/www.grupoelteide.com\/supermercado\/\",\"logo\":{\"@type\":\"ImageObject\",\"inLanguage\":\"es\",\"@id\":\"https:\/\/www.grupoelteide.com\/supermercado\/#\/schema\/logo\/image\/\",\"url\":\"http:\/\/www.grupoelteide.com\/supermercado\/wp-content\/uploads\/2021\/03\/supermercado_elteide_logo_01.jpg\",\"contentUrl\":\"http:\/\/www.grupoelteide.com\/supermercado\/wp-content\/uploads\/2021\/03\/supermercado_elteide_logo_01.jpg\",\"width\":1837,\"height\":735,\"caption\":\"Grupo El Teide\"},\"image\":{\"@id\":\"https:\/\/www.grupoelteide.com\/supermercado\/#\/schema\/logo\/image\/\"},\"sameAs\":[\"https:\/\/www.facebook.com\/Grupo-El-Teide-1609186379358008\",\"https:\/\/x.com\/Superelteide\",\"https:\/\/www.instagram.com\/superelteide\/\"]}]}<\/script>\n<!-- \/ Yoast SEO plugin. -->","yoast_head_json":{"title":"Corte y envasado - &quot;El Teide&quot; Supermercado","robots":{"index":"index","follow":"follow","max-snippet":"max-snippet:-1","max-image-preview":"max-image-preview:large","max-video-preview":"max-video-preview:-1"},"canonical":"https:\/\/www.grupoelteide.com\/supermercado\/corte-y-envasado\/","og_locale":"es_ES","og_type":"article","og_title":"Corte y envasado - &quot;El Teide&quot; Supermercado","og_description":"Os ofrecemos el servicio de corte y envasado al vac\u00edo GRATUITO para todos los productos adquiridos en nuestro establecimiento. Corte y envasado al vac\u00edo de jam\u00f3n ib\u00e9rico, paletas ib\u00e9ricas o jam\u00f3n bodega y paleta serrana.Tenemos 2 formatos de corte, a cuchillo y a maquina. Corte a cuchillo Para los que quieren disfrutar de absolutamente todos ... Read more","og_url":"https:\/\/www.grupoelteide.com\/supermercado\/corte-y-envasado\/","og_site_name":"&quot;El Teide&quot; Supermercado","article_publisher":"https:\/\/www.facebook.com\/Grupo-El-Teide-1609186379358008","article_modified_time":"2025-03-14T10:03:35+00:00","og_image":[{"url":"https:\/\/www.grupoelteide.com\/supermercado\/wp-content\/uploads\/corte_y_envasado_01.jpg"}],"twitter_card":"summary_large_image","twitter_site":"@Superelteide","twitter_misc":{"Tiempo de lectura":"3 minutos"},"schema":{"@context":"https:\/\/schema.org","@graph":[{"@type":"WebPage","@id":"https:\/\/www.grupoelteide.com\/supermercado\/corte-y-envasado\/","url":"https:\/\/www.grupoelteide.com\/supermercado\/corte-y-envasado\/","name":"Corte y envasado - &quot;El Teide&quot; Supermercado","isPartOf":{"@id":"https:\/\/www.grupoelteide.com\/supermercado\/#website"},"primaryImageOfPage":{"@id":"https:\/\/www.grupoelteide.com\/supermercado\/corte-y-envasado\/#primaryimage"},"image":{"@id":"https:\/\/www.grupoelteide.com\/supermercado\/corte-y-envasado\/#primaryimage"},"thumbnailUrl":"https:\/\/www.grupoelteide.com\/supermercado\/wp-content\/uploads\/corte_y_envasado_01.jpg","datePublished":"2021-07-28T11:42:28+00:00","dateModified":"2025-03-14T10:03:35+00:00","breadcrumb":{"@id":"https:\/\/www.grupoelteide.com\/supermercado\/corte-y-envasado\/#breadcrumb"},"inLanguage":"es","potentialAction":[{"@type":"ReadAction","target":["https:\/\/www.grupoelteide.com\/supermercado\/corte-y-envasado\/"]}]},{"@type":"ImageObject","inLanguage":"es","@id":"https:\/\/www.grupoelteide.com\/supermercado\/corte-y-envasado\/#primaryimage","url":"https:\/\/www.grupoelteide.com\/supermercado\/wp-content\/uploads\/corte_y_envasado_01.jpg","contentUrl":"https:\/\/www.grupoelteide.com\/supermercado\/wp-content\/uploads\/corte_y_envasado_01.jpg","width":2000,"height":800},{"@type":"BreadcrumbList","@id":"https:\/\/www.grupoelteide.com\/supermercado\/corte-y-envasado\/#breadcrumb","itemListElement":[{"@type":"ListItem","position":1,"name":"Portada","item":"https:\/\/www.grupoelteide.com\/supermercado\/"},{"@type":"ListItem","position":2,"name":"Corte y envasado"}]},{"@type":"WebSite","@id":"https:\/\/www.grupoelteide.com\/supermercado\/#website","url":"https:\/\/www.grupoelteide.com\/supermercado\/","name":"&quot;El Teide&quot; Supermercado","description":"www.grupoelteide.com","publisher":{"@id":"https:\/\/www.grupoelteide.com\/supermercado\/#organization"},"potentialAction":[{"@type":"SearchAction","target":{"@type":"EntryPoint","urlTemplate":"https:\/\/www.grupoelteide.com\/supermercado\/?s={search_term_string}"},"query-input":"required name=search_term_string"}],"inLanguage":"es"},{"@type":"Organization","@id":"https:\/\/www.grupoelteide.com\/supermercado\/#organization","name":"Grupo El Teide","url":"https:\/\/www.grupoelteide.com\/supermercado\/","logo":{"@type":"ImageObject","inLanguage":"es","@id":"https:\/\/www.grupoelteide.com\/supermercado\/#\/schema\/logo\/image\/","url":"http:\/\/www.grupoelteide.com\/supermercado\/wp-content\/uploads\/2021\/03\/supermercado_elteide_logo_01.jpg","contentUrl":"http:\/\/www.grupoelteide.com\/supermercado\/wp-content\/uploads\/2021\/03\/supermercado_elteide_logo_01.jpg","width":1837,"height":735,"caption":"Grupo El Teide"},"image":{"@id":"https:\/\/www.grupoelteide.com\/supermercado\/#\/schema\/logo\/image\/"},"sameAs":["https:\/\/www.facebook.com\/Grupo-El-Teide-1609186379358008","https:\/\/x.com\/Superelteide","https:\/\/www.instagram.com\/superelteide\/"]}]}},"_links":{"self":[{"href":"https:\/\/www.grupoelteide.com\/supermercado\/wp-json\/wp\/v2\/pages\/357","targetHints":{"allow":["GET"]}}],"collection":[{"href":"https:\/\/www.grupoelteide.com\/supermercado\/wp-json\/wp\/v2\/pages"}],"about":[{"href":"https:\/\/www.grupoelteide.com\/supermercado\/wp-json\/wp\/v2\/types\/page"}],"author":[{"embeddable":true,"href":"https:\/\/www.grupoelteide.com\/supermercado\/wp-json\/wp\/v2\/users\/1"}],"replies":[{"embeddable":true,"href":"https:\/\/www.grupoelteide.com\/supermercado\/wp-json\/wp\/v2\/comments?post=357"}],"version-history":[{"count":112,"href":"https:\/\/www.grupoelteide.com\/supermercado\/wp-json\/wp\/v2\/pages\/357\/revisions"}],"predecessor-version":[{"id":912,"href":"https:\/\/www.grupoelteide.com\/supermercado\/wp-json\/wp\/v2\/pages\/357\/revisions\/912"}],"wp:attachment":[{"href":"https:\/\/www.grupoelteide.com\/supermercado\/wp-json\/wp\/v2\/media?parent=357"}],"curies":[{"name":"wp","href":"https:\/\/api.w.org\/{rel}","templated":true}]}}